{"id":476,"date":"2017-10-10T09:27:01","date_gmt":"2017-10-10T15:27:01","guid":{"rendered":"https:\/\/antitermitas.com\/rehabilit\/"},"modified":"2020-06-25T20:19:51","modified_gmt":"2020-06-25T18:19:51","slug":"rehabilit","status":"publish","type":"page","link":"https:\/\/antitermitas.com\/ca\/rehabilit\/","title":{"rendered":"Rehabilit"},"content":{"rendered":"<section class=\"l-section wpb_row height_medium width_full\" id=\"slider-md\"><div class=\"l-section-h i-cf\"><div class=\"g-cols vc_row type_default valign_top\"><div class=\"vc_col-sm-12 wpb_column vc_column_container\"><div class=\"vc_column-inner\"><div class=\"wpb_wrapper\"><div class=\"w-slider style_none\"><div class=\"w-slider-h\"><div class=\"royalSlider\"><div class=\"rsContent\"><a class=\"rsImg\" data-rsw=\"1600\" data-rsh=\"470\" href=\"https:\/\/antitermitas.com\/wp-content\/uploads\/2017\/10\/quienes-somos-header.jpg\"><\/a><\/div><div class=\"rsContent\"><a class=\"rsImg\" data-rsw=\"1600\" data-rsh=\"470\" href=\"https:\/\/antitermitas.com\/wp-content\/uploads\/2017\/10\/quienes-somos-header_1.jpg\"><\/a><\/div><\/div><img src=\"https:\/\/antitermitas.com\/wp-content\/uploads\/2017\/10\/quienes-somos-header.jpg\" alt=\"\"><\/div><div class=\"w-slider-json\" onclick='return {&quot;transitionSpeed&quot;:300,&quot;loopRewind&quot;:true,&quot;slidesSpacing&quot;:0,&quot;imageScalePadding&quot;:0,&quot;numImagesToPreload&quot;:2,&quot;arrowsNav&quot;:false,&quot;arrowsNavAutoHide&quot;:false,&quot;transitionType&quot;:&quot;move&quot;,&quot;block&quot;:{&quot;moveEffect&quot;:&quot;none&quot;,&quot;speed&quot;:300},&quot;controlNavigation&quot;:&quot;bullets&quot;,&quot;autoplay&quot;:{&quot;enabled&quot;:true,&quot;pauseOnHover&quot;:true,&quot;delay&quot;:4000},&quot;imageScaleMode&quot;:&quot;fit-if-smaller&quot;,&quot;autoScaleSlider&quot;:true,&quot;autoScaleSliderWidth&quot;:1600,&quot;autoScaleSliderHeight&quot;:470,&quot;fitInViewport&quot;:false}'><\/div><\/div>\n\t<div class=\"wpb_text_column  ttl one\">\n\t\t<div class=\"wpb_wrapper\">\n\t\t\t<h1 style=\"text-align: center;\">Qui som?<\/h1>\n\n\t\t<\/div>\n\t<\/div>\n<\/div><\/div><\/div><\/div><\/div><\/section><section class=\"l-section wpb_row height_medium\" id=\"post-header\"><div class=\"l-section-h i-cf\"><div class=\"g-cols vc_row type_default valign_top\"><div class=\"vc_col-sm-12 wpb_column vc_column_container\"><div class=\"vc_column-inner\"><div class=\"wpb_wrapper\">\n\t<div class=\"wpb_text_column \">\n\t\t<div class=\"wpb_wrapper\">\n\t\t\t<p style=\"text-align: center;\">Especialistes en tractaments contra termita i corc.<\/p>\n\n\t\t<\/div>\n\t<\/div>\n<\/div><\/div><\/div><\/div><\/div><\/section><section class=\"l-section wpb_row height_medium\"><div class=\"l-section-h i-cf\"><div class=\"g-cols vc_row type_default valign_top\"><div class=\"vc_col-sm-12 wpb_column vc_column_container\"><div class=\"vc_column-inner\"><div class=\"wpb_wrapper\">\n\t<div class=\"wpb_text_column  txt\">\n\t\t<div class=\"wpb_wrapper\">\n\t\t\t<p style=\"text-align: center;\">A Rehabilit ens hem especialitat en tractaments d\u2019estructures afectades per termita i corc. La nostra especialitzaci\u00f3 ens permet oferir la millor garantia i experi\u00e8ncia.<\/p>\n\n\t\t<\/div>\n\t<\/div>\n<div class=\"w-image align_center modulos\"><div class=\"w-image-h\"><img width=\"696\" height=\"597\" src=\"https:\/\/antitermitas.com\/wp-content\/uploads\/2017\/10\/10-anos.png\" class=\"attachment-full size-full\" alt=\"10 a\u00f1os garant\u00eda\" loading=\"lazy\" srcset=\"https:\/\/antitermitas.com\/wp-content\/uploads\/2017\/10\/10-anos.png 696w, https:\/\/antitermitas.com\/wp-content\/uploads\/2017\/10\/10-anos-300x257.png 300w\" sizes=\"(max-width: 696px) 100vw, 696px\" \/><\/div><\/div>\n\t<div class=\"wpb_text_column  txt\">\n\t\t<div class=\"wpb_wrapper\">\n\t\t\t<p style=\"text-align: center;\">No es tracta simplement d\u2019eliminar la plaga i exterminar les termites, sin\u00f3 d\u2019aplicar el m\u00e8tode m\u00e9s adequat, amb la m\u00e0xima seguretat per les persones, de forma professional i sobretot donant la m\u00e0xima informaci\u00f3 sobre l\u2019estabilitat de l\u2019edifici.<\/p>\n<p style=\"text-align: center;\">Rehabilit SL est\u00e0 inscrita en el Registre Oficial d\u2019Establiments i Serveis de Plaguicides amb el nombre de registre B00535-SA.<\/p>\n\n\t\t<\/div>\n\t<\/div>\n<div class=\"w-image align_center img-3\"><div class=\"w-image-h\"><img width=\"536\" height=\"173\" src=\"https:\/\/antitermitas.com\/wp-content\/uploads\/2017\/10\/ace-img.jpg\" class=\"attachment-full size-full\" alt=\"\" loading=\"lazy\" srcset=\"https:\/\/antitermitas.com\/wp-content\/uploads\/2017\/10\/ace-img.jpg 536w, https:\/\/antitermitas.com\/wp-content\/uploads\/2017\/10\/ace-img-300x97.jpg 300w\" sizes=\"(max-width: 536px) 100vw, 536px\" \/><\/div><\/div><div class=\"w-image align_center img-3\"><div class=\"w-image-h\"><img width=\"536\" height=\"173\" src=\"https:\/\/antitermitas.com\/wp-content\/uploads\/2017\/10\/adepap_img.jpg\" class=\"attachment-full size-full\" alt=\"\" loading=\"lazy\" srcset=\"https:\/\/antitermitas.com\/wp-content\/uploads\/2017\/10\/adepap_img.jpg 536w, https:\/\/antitermitas.com\/wp-content\/uploads\/2017\/10\/adepap_img-300x97.jpg 300w\" sizes=\"(max-width: 536px) 100vw, 536px\" \/><\/div><\/div><div class=\"w-image align_center img-3\"><div class=\"w-image-h\"><img width=\"536\" height=\"173\" src=\"https:\/\/antitermitas.com\/wp-content\/uploads\/2017\/10\/rime-img.jpg\" class=\"attachment-full size-full\" alt=\"\" loading=\"lazy\" srcset=\"https:\/\/antitermitas.com\/wp-content\/uploads\/2017\/10\/rime-img.jpg 536w, https:\/\/antitermitas.com\/wp-content\/uploads\/2017\/10\/rime-img-300x97.jpg 300w\" sizes=\"(max-width: 536px) 100vw, 536px\" \/><\/div><\/div>\n\t<div class=\"wpb_text_column  txt\">\n\t\t<div class=\"wpb_wrapper\">\n\t\t\t<p style=\"text-align: center;\">Rehabilit tamb\u00e9 \u00e9s especialista en realitzar refor\u00e7os d\u2019estructura de fusta mitjan\u00e7ant la col\u00b7locaci\u00f3 d\u2019una platina de fibra de carboni i la realitzaci\u00f3 de pr\u00f2tesis de bigues amb barres de fibra de vidre i resines especials.<\/p>\n<p style=\"text-align: center;\">Rehabilit \u00e9s membre de:<\/p>\n<p style=\"text-align: center;\">ADEPAP (Associaci\u00f3 d\u2019Empreses de Control de Plagues de Catalunya).<\/p>\n<p style=\"text-align: center;\">RIME (Associaci\u00f3 d\u2019Empreses de Rehabilitaci\u00f3 d\u2019Edificis del Gremi de Constructors)<\/p>\n<p style=\"text-align: center;\">ACE (Associaci\u00f3 de Consultors d\u2019Estructures)<\/p>\n<p style=\"text-align: center;\">Aquesta combinaci\u00f3 ens fa \u00fanics en el camp del tractament de termites i en tenir cura de les estructures de fusta.<\/p>\n\n\t\t<\/div>\n\t<\/div>\n<\/div><\/div><\/div><\/div><\/div><\/section><section class=\"l-section wpb_row height_medium with_img parallax_ver\" id=\"prllx-md\"><div class=\"l-section-img\" style=\"background-image: url(https:\/\/antitermitas.com\/wp-content\/uploads\/2017\/07\/parallax-imagen.jpg);\" data-img-width=\"1600\" data-img-height=\"1232\"><\/div><div class=\"l-section-h i-cf\"><div class=\"g-cols vc_row type_default valign_top\"><div class=\"vc_col-sm-12 wpb_column vc_column_container\"><div class=\"vc_column-inner\"><div class=\"wpb_wrapper\"><div class=\"g-cols wpb_row type_default valign_top vc_inner \"><div class=\"vc_col-sm-4 wpb_column vc_column_container\"><div class=\"vc_column-inner\"><div class=\"wpb_wrapper\"><div class=\"w-image\"><div class=\"w-image-h\"><img width=\"242\" height=\"418\" src=\"https:\/\/antitermitas.com\/wp-content\/uploads\/2017\/07\/parallax-person.png\" class=\"attachment-full size-full\" alt=\"\" loading=\"lazy\" srcset=\"https:\/\/antitermitas.com\/wp-content\/uploads\/2017\/07\/parallax-person.png 242w, https:\/\/antitermitas.com\/wp-content\/uploads\/2017\/07\/parallax-person-174x300.png 174w\" sizes=\"(max-width: 242px) 100vw, 242px\" \/><\/div><\/div><\/div><\/div><\/div><div class=\"vc_col-sm-8 wpb_column vc_column_container\"><div class=\"vc_column-inner\"><div class=\"wpb_wrapper\">\n\t<div class=\"wpb_text_column \">\n\t\t<div class=\"wpb_wrapper\">\n\t\t\t<h3 style=\"text-align: left;\"><strong>DIAGN\u00d2STIC GRATU\u00cfT<\/strong><\/h3>\n\n\t\t<\/div>\n\t<\/div>\n\n\t<div class=\"wpb_text_column \">\n\t\t<div class=\"wpb_wrapper\">\n\t\t\t<h4 style=\"text-align: left;\">I PRESSUPOST SENSE COMPROM\u00cdS<br \/>\n<strong>Truqui\u2019ns al 93 456 14 53<\/strong><\/h4>\n\n\t\t<\/div>\n\t<\/div>\n<div class=\"w-btn-wrapper align_left\"><a class=\"w-btn style_flat color_custom icon_none\" href=\"https:\/\/antitermitas.com\/ca\/contacte\/\" title=\"Contacte\" style=\"background-color: #2abfdb;color: #ffffff;font-size:28px;\"><span class=\"w-btn-label\">Contacti\u2019ns ara<\/span><\/a><\/div><\/div><\/div><\/div><\/div><\/div><\/div><\/div><\/div><\/div><\/section><section class=\"l-section wpb_row height_medium\" id=\"blog-md\"><div class=\"l-section-h i-cf\"><div class=\"g-cols vc_row type_default valign_top\"><div class=\"vc_col-sm-12 wpb_column vc_column_container\"><div class=\"vc_column-inner\"><div class=\"wpb_wrapper\">\n\t<div class=\"wpb_text_column  subttl\">\n\t\t<div class=\"wpb_wrapper\">\n\t\t\t<h3 style=\"text-align: center;\">EL <strong>BLOG<\/strong> ANTITERMITAS<\/h3>\n\n\t\t<\/div>\n\t<\/div>\n\n\t<div class=\"wpb_text_column \">\n\t\t<div class=\"wpb_wrapper\">\n\t\t\t\n\n\t\t<\/div>\n\t<\/div>\n<\/div><\/div><\/div><\/div><\/div><\/section>\n<!-- AddThis Advanced Settings generic via filter on the_content --><!-- AddThis Share Buttons generic via filter on the_content -->","protected":false},"excerpt":{"rendered":"<p><!-- AddThis Advanced Settings generic via filter on get_the_excerpt --><!-- AddThis Share Buttons generic via filter on get_the_excerpt --><\/p>\n","protected":false},"author":4,"featured_media":0,"parent":0,"menu_order":0,"comment_status":"closed","ping_status":"closed","template":"","meta":[],"yoast_head":"<!-- This site is optimized with the Yoast SEO plugin v15.2 - https:\/\/yoast.com\/wordpress\/plugins\/seo\/ -->\n<meta name=\"description\" content=\"En Rehabilit nos hemos especializado en el tratamiento de estructuras afectadas por termita y carcoma. Ofrecemos la m\u00e1xima garant\u00eda | T 93 456 14 53\" \/>\n<meta name=\"robots\" content=\"index, follow, max-snippet:-1, max-image-preview:large, max-video-preview:-1\" \/>\n<link rel=\"canonical\" href=\"http:\/\/antitermitas.com\/ca\/rehabilit\/\" \/>\n<meta property=\"og:locale\" content=\"ca_ES\" \/>\n<meta property=\"og:type\" content=\"article\" \/>\n<meta property=\"og:title\" content=\"Rehabilit: expertos en tratamientos contra termitas y carcoma\" \/>\n<meta property=\"og:description\" content=\"En Rehabilit nos hemos especializado en el tratamiento de estructuras afectadas por termita y carcoma. Ofrecemos la m\u00e1xima garant\u00eda | T 93 456 14 53\" \/>\n<meta property=\"og:url\" content=\"http:\/\/antitermitas.com\/ca\/rehabilit\/\" \/>\n<meta property=\"og:site_name\" content=\"Antitermitas - Tratamientos contra termita y carcoma\" \/>\n<meta property=\"article:publisher\" content=\"https:\/\/www.facebook.com\/Humicontrol-Especialista-en-tratamiento-de-humedades-225016780862310\/\" \/>\n<meta property=\"article:modified_time\" content=\"2020-06-25T18:19:51+00:00\" \/>\n<meta name=\"twitter:card\" content=\"summary_large_image\" \/>\n<meta name=\"twitter:creator\" content=\"@humicontrol\" \/>\n<meta name=\"twitter:site\" content=\"@humicontrol\" \/>\n<meta name=\"twitter:label1\" value=\"Escrit per\">\n\t<meta name=\"twitter:data1\" value=\"Rehabilit\">\n\t<meta name=\"twitter:label2\" value=\"Temps estimat de lectura\">\n\t<meta name=\"twitter:data2\" value=\"2 minuts\">\n<script type=\"application\/ld+json\" class=\"yoast-schema-graph\">{\"@context\":\"https:\/\/schema.org\",\"@graph\":[{\"@type\":\"Organization\",\"@id\":\"http:\/\/antitermitas.com\/#organization\",\"name\":\"Rehabilit\",\"url\":\"http:\/\/antitermitas.com\/\",\"sameAs\":[\"https:\/\/www.facebook.com\/Humicontrol-Especialista-en-tratamiento-de-humedades-225016780862310\/\",\"https:\/\/www.linkedin.com\/company\/11120789\/\",\"https:\/\/twitter.com\/humicontrol\"],\"logo\":{\"@type\":\"ImageObject\",\"@id\":\"http:\/\/antitermitas.com\/#logo\",\"inLanguage\":\"ca\",\"url\":\"https:\/\/antitermitas.com\/wp-content\/uploads\/2017\/07\/logo-rehabilit-es.jpg\",\"width\":185,\"height\":58,\"caption\":\"Rehabilit\"},\"image\":{\"@id\":\"http:\/\/antitermitas.com\/#logo\"}},{\"@type\":\"WebSite\",\"@id\":\"http:\/\/antitermitas.com\/#website\",\"url\":\"http:\/\/antitermitas.com\/\",\"name\":\"Antitermitas - Tratamientos contra termita y carcoma\",\"description\":\"Especialistas en tratamientos contra la termita y la carcoma en Barcelona.\",\"publisher\":{\"@id\":\"http:\/\/antitermitas.com\/#organization\"},\"potentialAction\":[{\"@type\":\"SearchAction\",\"target\":\"http:\/\/antitermitas.com\/?s={search_term_string}\",\"query-input\":\"required name=search_term_string\"}],\"inLanguage\":\"ca\"},{\"@type\":\"WebPage\",\"@id\":\"http:\/\/antitermitas.com\/ca\/rehabilit\/#webpage\",\"url\":\"http:\/\/antitermitas.com\/ca\/rehabilit\/\",\"name\":\"Rehabilit: expertos en tratamientos contra termitas y carcoma\",\"isPartOf\":{\"@id\":\"http:\/\/antitermitas.com\/#website\"},\"datePublished\":\"2017-10-10T15:27:01+00:00\",\"dateModified\":\"2020-06-25T18:19:51+00:00\",\"description\":\"En Rehabilit nos hemos especializado en el tratamiento de estructuras afectadas por termita y carcoma. Ofrecemos la m\\u00e1xima garant\\u00eda | T 93 456 14 53\",\"inLanguage\":\"ca\",\"potentialAction\":[{\"@type\":\"ReadAction\",\"target\":[\"http:\/\/antitermitas.com\/ca\/rehabilit\/\"]}]}]}<\/script>\n<!-- \/ Yoast SEO plugin. -->","_links":{"self":[{"href":"https:\/\/antitermitas.com\/ca\/wp-json\/wp\/v2\/pages\/476"}],"collection":[{"href":"https:\/\/antitermitas.com\/ca\/wp-json\/wp\/v2\/pages"}],"about":[{"href":"https:\/\/antitermitas.com\/ca\/wp-json\/wp\/v2\/types\/page"}],"author":[{"embeddable":true,"href":"https:\/\/antitermitas.com\/ca\/wp-json\/wp\/v2\/users\/4"}],"replies":[{"embeddable":true,"href":"https:\/\/antitermitas.com\/ca\/wp-json\/wp\/v2\/comments?post=476"}],"version-history":[{"count":0,"href":"https:\/\/antitermitas.com\/ca\/wp-json\/wp\/v2\/pages\/476\/revisions"}],"wp:attachment":[{"href":"https:\/\/antitermitas.com\/ca\/wp-json\/wp\/v2\/media?parent=476"}],"curies":[{"name":"wp","href":"https:\/\/api.w.org\/{rel}","templated":true}]}}